{"id":1987,"date":"2022-10-05T02:42:32","date_gmt":"2022-10-05T02:42:32","guid":{"rendered":"http:\/\/sfdimitrie.org\/?page_id=1987"},"modified":"2022-12-13T02:27:46","modified_gmt":"2022-12-13T02:27:46","slug":"articole","status":"publish","type":"page","link":"http:\/\/sfdimitrie.org\/en\/articole\/","title":{"rendered":"Articole"},"content":{"rendered":"<div data-elementor-type=\"wp-page\" data-elementor-id=\"1987\" class=\"elementor elementor-1987\" data-elementor-post-type=\"page\">\n\t\t\t\t\t\t<section class=\"elementor-section elementor-top-section elementor-element elementor-element-39931dc4 elementor-section-full_width elementor-section-height-default elementor-section-height-default\" data-id=\"39931dc4\" data-element_type=\"section\" data-settings=\"{&quot;background_background&quot;:&quot;classic&quot;}\">\n\t\t\t\t\t\t\t<div class=\"elementor-background-overlay\"><\/div>\n\t\t\t\t\t\t\t<div class=\"elementor-container elementor-column-gap-no\">\n\t\t\t\t\t<div class=\"elementor-column elementor-col-66 elementor-top-column elementor-element elementor-element-1516acc7\" data-id=\"1516acc7\" data-element_type=\"column\" data-settings=\"{&quot;background_background&quot;:&quot;classic&quot;}\">\n\t\t\t<div class=\"elementor-widget-wrap elementor-element-populated\">\n\t\t\t\t\t\t<div class=\"elementor-element elementor-element-3bca67e2 elementor-widget__width-initial elementor-absolute elementor-hidden-tablet elementor-hidden-phone elementor-widget elementor-widget-image\" data-id=\"3bca67e2\" data-element_type=\"widget\" data-settings=\"{&quot;_position&quot;:&quot;absolute&quot;}\" data-widget_type=\"image.default\">\n\t\t\t\t<div class=\"elementor-widget-container\">\n\t\t\t\t\t\t\t\t\t\t\t\t\t\t\t<img decoding=\"async\" width=\"133\" height=\"360\" src=\"https:\/\/sfdimitrie.org\/wp-content\/uploads\/2020\/09\/Saint_Mary-removebg-preview-e1601402286776.png\" class=\"attachment-full size-full wp-image-550\" alt=\"\" \/>\t\t\t\t\t\t\t\t\t\t\t\t\t\t\t<\/div>\n\t\t\t\t<\/div>\n\t\t\t\t<div class=\"elementor-element elementor-element-763db488 elementor-widget__width-initial elementor-absolute elementor-hidden-tablet elementor-hidden-phone elementor-view-default elementor-position-top elementor-mobile-position-top elementor-widget elementor-widget-icon-box\" data-id=\"763db488\" data-element_type=\"widget\" data-settings=\"{&quot;_position&quot;:&quot;absolute&quot;}\" data-widget_type=\"icon-box.default\">\n\t\t\t\t<div class=\"elementor-widget-container\">\n\t\t\t\t\t\t\t<div class=\"elementor-icon-box-wrapper\">\n\n\t\t\t\t\t\t<div class=\"elementor-icon-box-icon\">\n\t\t\t\t<a href=\"http:\/\/sfdimitrie.org\/en\/donatii\/\" class=\"elementor-icon\" tabindex=\"-1\" aria-label=\"Get Involved\">\n\t\t\t\t<i aria-hidden=\"true\" class=\"fas fa-hand-holding-heart\"><\/i>\t\t\t\t<\/a>\n\t\t\t<\/div>\n\t\t\t\n\t\t\t\t\t\t<div class=\"elementor-icon-box-content\">\n\n\t\t\t\t\t\t\t\t\t<h3 class=\"elementor-icon-box-title\">\n\t\t\t\t\t\t<a href=\"http:\/\/sfdimitrie.org\/en\/donatii\/\" >\n\t\t\t\t\t\t\tGet Involved\t\t\t\t\t\t<\/a>\n\t\t\t\t\t<\/h3>\n\t\t\t\t\n\t\t\t\t\n\t\t\t<\/div>\n\t\t\t\n\t\t<\/div>\n\t\t\t\t\t\t<\/div>\n\t\t\t\t<\/div>\n\t\t\t\t<div class=\"elementor-element elementor-element-428467b6 elementor-widget elementor-widget-heading\" data-id=\"428467b6\" data-element_type=\"widget\" data-widget_type=\"heading.default\">\n\t\t\t\t<div class=\"elementor-widget-container\">\n\t\t\t\t\t<h4 class=\"elementor-heading-title elementor-size-default\">Articole<\/h4>\t\t\t\t<\/div>\n\t\t\t\t<\/div>\n\t\t\t\t<div class=\"elementor-element elementor-element-421756ad elementor-widget elementor-widget-text-editor\" data-id=\"421756ad\" data-element_type=\"widget\" data-widget_type=\"text-editor.default\">\n\t\t\t\t<div class=\"elementor-widget-container\">\n\t\t\t\t\t\t\t\t\t<p><strong>Interviu cu dl Sebastian Doreanu, difuzat\u00a0 la radio in Rom\u00e2nia, de la Gala Excelentei din Spania.<\/strong><\/p><p><a href=\"http:\/\/sfdimitrie.org\/Sebastian_Doreanu.mp3\" target=\"_blank\" rel=\"noopener\">Click pe link pentru a asculta<\/a><\/p><p><strong>Articol scris de Ion Lazu<\/strong><\/p><h3 class=\"post-title entry-title\">Ion Lazu &#8211; Un cenaclu literar f\u0103r\u0103 egal \u00een lumea rom\u00e2neasc\u0103&#8230;<\/h3><p>Este vorba despre cenaclul Mircea Eliade de la Denver, Colorado, USA. Constatare simpl\u0103, la vedere, dup\u0103 ce am urm\u0103rit d-a-capo al fine desf\u0103\u0219urarea &#8211; de-a lungul a 4 ore b\u0103tute pe muchie, f\u0103r\u0103 vreo secund\u0103 de destindere ! &#8211; a lucr\u0103rilor acestui cenaclu cu vechime \u0219i cu prestigiu \u00een cre\u0219tere;\u00a0 lucr\u0103ri lesne de accesat pe Zoom, un cenaclu aflat \u00een organizarea str\u0103lucit\u0103, f\u0103r\u0103 cea mai mic\u0103 ezitare, de \u00eenalt profesionalism, a dlui Sebastian Doreanu, personaj cunoscut al diasporei culturale \u0219i care urc\u0103 vertiginos \u00een aprecierile mele privind via\u021ba noastr\u0103 literar\u0103. Cu o tematic\u0103 incitant\u0103 la extrem &#8211; de ast\u0103 dat\u0103 Lucian Blaga, poetul \u0219i filosoful &#8211; \u0219i cu asigurarea unei particip\u0103ri de elit\u0103, din toate zonele rom\u00e2nit\u0103\u021bii, dar \u00een principal din chiar dulcea \u021bar\u0103, acest regal cultural a izbutit s\u0103 m\u0103 entuziasmeze, practic s\u0103-mi relanseze \u00eencrederea de principiu \u00een valoarea litera\u021bilor \u0219i istoricilor culturii noastre. Mai simplu spus: avem oameni de cea mai \u00eenalt\u0103 valoare, de ce oare nu reu\u0219im s\u0103 fim cu ochii pe d\u00e2n\u0219ii, de ce ne-a cuprins ne\u00eencrederea, descurajarea, aleanul?!? Surprizele se \u021bin lan\u021b, cum spuneam: de la conferen\u021biarii de v\u00e2rf, la modul excelent \u00een care dl Doreanu a izbutit s\u0103 sus\u021bin\u0103 propriile afirma\u021bii despre excelen\u021ba studiilor privindu-l pe marele poet \u0219i filosof, dar \u0219i afirma\u021biile conferen\u021biarilor ce s-au succedat vreme de patru ore patru, prin prezentarea promt\u0103 a numeroase c\u0103r\u021bi editate anume pe temele \u00een discu\u021bie &#8211; \u0219i nu cred c\u0103 exagerez afirm\u00e2nd c\u0103 ni s-au prezentat ca la o sut\u0103 de volume, cu explica\u021biile stricte, la obiect, despre con\u021binutul lor, \u0219i este de subliniat: c\u0103r\u021bi citite la liter\u0103, iar nu elemente de decor cultural&#8230;<\/p><p>O foarte doct\u0103 comunicare a dnei Anca S\u00e2rghie despre Blaga, personalitate eclatant\u0103 a culturii noastre din veacul XX. Comparabil cu Eminescu, fa\u021b\u0103 de care, recunosc\u00e2nd filia\u021bia, Balga \u00eensu\u0219i se dorea a fi considerat \u201dfratele mai mic\u201d. \u0218i sunt de luat \u00een seam\u0103 multe similitudini, ambii erau de forma\u021bie german\u0103, ambii au cultivat mitul na\u021bional; au editat culegeri de folclor, etc. Poate intra \u00een aceast\u0103 sugestie de similitudini chiar faptul c\u0103 Blaga, debut\u00e2nd la 15 ani, cu poeme \u00eendelung ignorate, a fost publicat pentru prima dat\u0103 nu altundeva ci chiar la Cern\u0103u\u021bi, \u00een Bucovina istoric\u0103. Apoi, Blaga s-a ocupat de editarea poeziilor lui Eminescu, \u00eenso\u021bindu-le de docte prefe\u021be; S-a ocupat de traducerea lui Eminescu \u00een german\u0103, 1928, pentru care va primi premiul Hamangiu, 1935. Tot timpul Blaga a f\u0103cut referiri la Eminescu, inclusiv \u00een discursul de recep\u021bie la Academia Rom\u00e2n\u0103. Era neiert\u0103tor cu cei care l-au atacat pe Eminescu: Grama, St\u0103niloae, R\u0103dulescu-Motru, contribuind esen\u021bial la reabilitarea Eminscului. Vezi studiul lui Liviu Rusu: De la Mihai Eminescu la Lucian Blaga, vezi \u0219i Ovidiu Dr\u00eemba: Filosofia lui Blaga. \u0218i vine secven\u021ba cu minimul poet Mihai Beniuc, care l-a atacat ignobil pe Blaga, inclusiv \u00een romanul Pe muchie de cu\u021bit, 1959.\u00a0 Pe timpul conferin\u021bei, dl Sebastian Doreanu ne prezint\u0103 diferite c\u0103r\u021bi despre Blaga, trimise \u00een str\u0103in\u0103tate, desigur f\u0103r\u0103 coperte, pentru a fenta securitatea. Am relatat mai pe larg despre prima conferin\u021b\u0103, ca s\u0103 v\u0103 face\u021bi o idee general\u0103 despre nivelul sus\u021binerilor din Cenaclu. C\u0103ci de fapt pute\u021bi accesa linkul bisericii ortodoxe din Denver, unde ve\u021bi g\u0103si \u00eenregistr\u0103rile tuturor \u0219edin\u021belor de cenaclu, biserica fiind cea care sus\u021bine cu toate mijloacele acest cenaclu, ca s\u0103 v\u0103 desf\u0103ta\u021bi &#8211; \u0219i s\u0103 v\u0103 \u00eembog\u0103\u021bi\u021bi &#8211; \u0219i s\u0103 v\u0103 edifica\u021bi fiecare \u00een parte.<\/p><p>Au urmat conferen\u021biarii: Ioan Biri\u0219: Lician Blaga \u0219i conceptele dogmatice. De la filosofia absolutului la filosofia \u0219tiin\u021bei. Afirma\u021bia clar\u0103: Lucian Blaga este cel mai mare filosof rom\u00e2n &#8211; cum de altfel a afrimat C. Noica, al\u0103tur\u00e2ndu-i lui Blaga pe D.D. Ro\u0219ca. Mai \u00een am\u0103nunt: Blaga a fost \u0219i poet \u0219i folosof, dar nu a \u00eencurcat cele dou\u0103 domenii. Era preocupat de \u0219tiin\u021b\u0103 \u00eenc\u0103 din liceu, la bacalaureat i-a uimit pe examinatori. \u00ce\u0219i f\u0103cuse din matematic\u0103 \u0219i fizic\u0103 domenii de mare interes, cercetata \u00een profunzime. \u00cen secolul XX se constat\u0103 o l\u0103rgire a hotarelor cunoa\u0219terii, dar \u0219i o pendulare de la ra\u021bional la ira\u021bional. Bergson, Frobenius, Spengler, Freud. \u00cei frecventase pe Einstein, Poincare. Nu poate fi eludat\u0103 latra riguroas\u0103 a operei lui Blaga. Etc.<\/p><p>Florea Lucaci. Principiul nega\u021biei \u00een g\u00e2ndirea lui Blaga.<\/p><p>Adrian S\u0103hlean. Despre Spa\u021biul mioritic, de Blaga; \u0219i despre numeroasele erori \u00een abordarea baladei Miori\u021ba.<\/p><p>Ileana Costea. Artistul america Jerry Mc. Daniel \u0219i lumina lui Blaga.<\/p><p>Cristian Stamatoiu. R\u0103d\u0103cinile antropologice ale Me\u0219terului Manole \u0219i prezen\u021ba acestui mit, prin Lucian Blaga, \u00een dramaturgia rom\u00e2neasc\u0103.<\/p><p>Maria-Daniela P\u0103n\u0103zan. Motice biblice \u00een poezia lui Lucian Blaga.<\/p><p>Dorin Stoika. Cond\u021bia omului \u00een univers potrivit metafizicii lui Lucian Blaga.<\/p><p>Horia I. Groza. Blaga \u0219i satul rom\u00e2nesc.<\/p><p>Ion Dur. Lucian Blaga \u0219i Vasile B\u0103ncil\u0103 &#8211; o prietenie metafizic\u0103.<\/p><p>Francisc Lorinczi. Sunetele lacrimei (recital din poemele lu Lucian Blaga).<\/p><p>Lidia Lazu: Recital Lucian Blaga &#8211; Lumina de ieri!<\/p><p>La urm\u0103, cinci-\u0219ase persoane care \u0219i-au spus punctul de vedere la Discu\u021bii, g\u0103zduite cu aceea\u0219i distinc\u021bie de dl Sebastian Doreanu.<\/p><p>Cerceta\u021bi lucr\u0103rile Cenaclului Mircea Eliade din Denver-Colorado pe saitul Bisericii din localitatea Denver.<\/p><p>Excelsior !<br \/><br \/><br \/><br \/><b>Articol scris de Ion Dur la adresa Cenaclului Mircea Eliade<\/b><\/p><p><img decoding=\"async\" class=\"wp-image-1994 aligncenter\" src=\"http:\/\/sfdimitrie.org\/wp-content\/uploads\/2022\/10\/IMG_3426-184x300.jpg\" alt=\"\" width=\"658\" srcset=\"http:\/\/sfdimitrie.org\/wp-content\/uploads\/2022\/10\/IMG_3426-184x300.jpg 184w, http:\/\/sfdimitrie.org\/wp-content\/uploads\/2022\/10\/IMG_3426-626x1024.jpg 626w, http:\/\/sfdimitrie.org\/wp-content\/uploads\/2022\/10\/IMG_3426-768x1256.jpg 768w, http:\/\/sfdimitrie.org\/wp-content\/uploads\/2022\/10\/IMG_3426.jpg 827w\" sizes=\"(max-width: 184px) 100vw, 184px\" \/><\/p>\t\t\t\t\t\t\t\t<\/div>\n\t\t\t\t<\/div>\n\t\t\t\t\t<\/div>\n\t\t<\/div>\n\t\t\t\t<div class=\"elementor-column elementor-col-33 elementor-top-column elementor-element elementor-element-1dc2e016\" data-id=\"1dc2e016\" data-element_type=\"column\" data-settings=\"{&quot;background_background&quot;:&quot;classic&quot;}\">\n\t\t\t<div class=\"elementor-widget-wrap elementor-element-populated\">\n\t\t\t\t\t\t<section class=\"elementor-section elementor-inner-section elementor-element elementor-element-509e9cdf elementor-section-boxed elementor-section-height-default elementor-section-height-default\" data-id=\"509e9cdf\" data-element_type=\"section\">\n\t\t\t\t\t\t<div class=\"elementor-container elementor-column-gap-default\">\n\t\t\t\t\t<div class=\"elementor-column elementor-col-100 elementor-inner-column elementor-element elementor-element-602516c9\" data-id=\"602516c9\" data-element_type=\"column\">\n\t\t\t<div class=\"elementor-widget-wrap elementor-element-populated\">\n\t\t\t\t\t\t<div class=\"elementor-element elementor-element-49fa0e5c elementor-nav-menu--dropdown-none elementor-widget elementor-widget-nav-menu\" data-id=\"49fa0e5c\" data-element_type=\"widget\" data-settings=\"{&quot;layout&quot;:&quot;vertical&quot;,&quot;submenu_icon&quot;:{&quot;value&quot;:&quot;&lt;i class=\\&quot;fas fa-caret-down\\&quot;&gt;&lt;\\\/i&gt;&quot;,&quot;library&quot;:&quot;fa-solid&quot;}}\" data-widget_type=\"nav-menu.default\">\n\t\t\t\t<div class=\"elementor-widget-container\">\n\t\t\t\t\t\t\t\t<nav aria-label=\"Menu\" class=\"elementor-nav-menu--main elementor-nav-menu__container elementor-nav-menu--layout-vertical e--pointer-text e--animation-none\">\n\t\t\t\t<ul id=\"menu-1-49fa0e5c\" class=\"elementor-nav-menu sm-vertical\"><li class=\"menu-item menu-item-type-post_type menu-item-object-page menu-item-1611\"><a href=\"http:\/\/sfdimitrie.org\/en\/cenaclu\/despre\/\" class=\"elementor-item\">About us<\/a><\/li>\n<li class=\"menu-item menu-item-type-post_type menu-item-object-page menu-item-1610\"><a href=\"http:\/\/sfdimitrie.org\/en\/cenaclu\/consiliu-de-administratie\/\" class=\"elementor-item\">Board of directors<\/a><\/li>\n<li class=\"menu-item menu-item-type-post_type menu-item-object-page menu-item-1609\"><a href=\"http:\/\/sfdimitrie.org\/en\/cenaclu\/inregistrari\/\" class=\"elementor-item\">Recordings<\/a><\/li>\n<li class=\"menu-item menu-item-type-post_type menu-item-object-page menu-item-1734\"><a href=\"http:\/\/sfdimitrie.org\/en\/subiectele-si-datele-urmatoarelor-editii\/\" class=\"elementor-item\">Topics and dates for the next events<\/a><\/li>\n<li class=\"menu-item menu-item-type-post_type menu-item-object-page menu-item-1990\"><a href=\"http:\/\/sfdimitrie.org\/en\/articole\/\" class=\"elementor-item\">Articole<\/a><\/li>\n<\/ul>\t\t\t<\/nav>\n\t\t\t\t\t\t<nav class=\"elementor-nav-menu--dropdown elementor-nav-menu__container\" aria-hidden=\"true\">\n\t\t\t\t<ul id=\"menu-2-49fa0e5c\" class=\"elementor-nav-menu sm-vertical\"><li class=\"menu-item menu-item-type-post_type menu-item-object-page menu-item-1611\"><a href=\"http:\/\/sfdimitrie.org\/en\/cenaclu\/despre\/\" class=\"elementor-item\" tabindex=\"-1\">About us<\/a><\/li>\n<li class=\"menu-item menu-item-type-post_type menu-item-object-page menu-item-1610\"><a href=\"http:\/\/sfdimitrie.org\/en\/cenaclu\/consiliu-de-administratie\/\" class=\"elementor-item\" tabindex=\"-1\">Board of directors<\/a><\/li>\n<li class=\"menu-item menu-item-type-post_type menu-item-object-page menu-item-1609\"><a href=\"http:\/\/sfdimitrie.org\/en\/cenaclu\/inregistrari\/\" class=\"elementor-item\" tabindex=\"-1\">Recordings<\/a><\/li>\n<li class=\"menu-item menu-item-type-post_type menu-item-object-page menu-item-1734\"><a href=\"http:\/\/sfdimitrie.org\/en\/subiectele-si-datele-urmatoarelor-editii\/\" class=\"elementor-item\" tabindex=\"-1\">Topics and dates for the next events<\/a><\/li>\n<li class=\"menu-item menu-item-type-post_type menu-item-object-page menu-item-1990\"><a href=\"http:\/\/sfdimitrie.org\/en\/articole\/\" class=\"elementor-item\" tabindex=\"-1\">Articole<\/a><\/li>\n<\/ul>\t\t\t<\/nav>\n\t\t\t\t\t\t<\/div>\n\t\t\t\t<\/div>\n\t\t\t\t\t<\/div>\n\t\t<\/div>\n\t\t\t\t\t<\/div>\n\t\t<\/section>\n\t\t\t\t\t<\/div>\n\t\t<\/div>\n\t\t\t\t\t<\/div>\n\t\t<\/section>\n\t\t\t\t<\/div>","protected":false},"excerpt":{"rendered":"<p>Get Involved Articole Interviu cu dl Sebastian Doreanu, difuzat\u00a0 la radio in Rom\u00e2nia, de la Gala Excelentei din Spania. Click pe link pentru a asculta Articol scris de Ion Lazu Ion Lazu &#8211; Un cenaclu literar f\u0103r\u0103 egal \u00een lumea rom\u00e2neasc\u0103&#8230; Este vorba despre cenaclul Mircea Eliade de la Denver, Colorado, USA. Constatare simpl\u0103, la [&hellip;]<\/p>","protected":false},"author":2,"featured_media":0,"parent":0,"menu_order":0,"comment_status":"closed","ping_status":"closed","template":"elementor_header_footer","meta":{"_monsterinsights_skip_tracking":false,"_monsterinsights_sitenote_active":false,"_monsterinsights_sitenote_note":"","_monsterinsights_sitenote_category":0,"footnotes":""},"class_list":["post-1987","page","type-page","status-publish","hentry"],"_links":{"self":[{"href":"http:\/\/sfdimitrie.org\/en\/wp-json\/wp\/v2\/pages\/1987","targetHints":{"allow":["GET"]}}],"collection":[{"href":"http:\/\/sfdimitrie.org\/en\/wp-json\/wp\/v2\/pages"}],"about":[{"href":"http:\/\/sfdimitrie.org\/en\/wp-json\/wp\/v2\/types\/page"}],"author":[{"embeddable":true,"href":"http:\/\/sfdimitrie.org\/en\/wp-json\/wp\/v2\/users\/2"}],"replies":[{"embeddable":true,"href":"http:\/\/sfdimitrie.org\/en\/wp-json\/wp\/v2\/comments?post=1987"}],"version-history":[{"count":13,"href":"http:\/\/sfdimitrie.org\/en\/wp-json\/wp\/v2\/pages\/1987\/revisions"}],"predecessor-version":[{"id":2041,"href":"http:\/\/sfdimitrie.org\/en\/wp-json\/wp\/v2\/pages\/1987\/revisions\/2041"}],"wp:attachment":[{"href":"http:\/\/sfdimitrie.org\/en\/wp-json\/wp\/v2\/media?parent=1987"}],"curies":[{"name":"wp","href":"https:\/\/api.w.org\/{rel}","templated":true}]}}